{"id":3168,"date":"2023-12-11T17:41:00","date_gmt":"2023-12-11T17:41:00","guid":{"rendered":"https:\/\/www.aqassociats.com\/politica-privacidad\/"},"modified":"2023-12-23T11:16:59","modified_gmt":"2023-12-23T11:16:59","slug":"politica-privacitat","status":"publish","type":"page","link":"https:\/\/www.aqassociats.com\/ca\/politica-privacitat\/","title":{"rendered":"Pol\u00edtica De Privacitat"},"content":{"rendered":"<div class=\"gb-container gb-container-8c584ce6 alignfull\">\n<div class=\"gb-container gb-container-ffff59c3 alignfull\">\n<div class=\"gb-container gb-container-6af89834\">\n<div class=\"gb-container gb-container-c739c22b\">\n\n<h1 class=\"gb-headline gb-headline-6f732ffe gb-headline-text\">Pol\u00edtica De Privacitat<\/h1>\n\n\n\n<h3 class=\"gb-headline gb-headline-89fdb53a gb-headline-text\">Tus datos son nuestra prioridad<\/h3>\n\n<\/div>\n<\/div>\n<\/div>\n\n<div class=\"gb-container gb-container-b37676d2 alignfull\"><div class=\"gb-shapes\"><div class=\"gb-shape gb-shape-1\"><svg xmlns=\"http:\/\/www.w3.org\/2000\/svg\" viewBox=\"0 0 1200 96.2\" preserveAspectRatio=\"none\"><path d=\"M0 96.2h1200V72.9l-50-8.9c-50-8.6-150-26.9-250-22.2C800 46.2 700 72.9 600 64 500 55.4 400 10.4 300 1.8 200-7.1 100 19.5 50 32.9L0 46.2v50z\"\/><\/svg><\/div><\/div><\/div>\n<\/div>\n\n<div class=\"gb-container gb-container-85c89bd5 alignfull\">\n<div class=\"gb-container gb-container-06601563\">\n<div class=\"gb-container gb-container-4af5603b\">\n\n<p class=\"gb-headline gb-headline-2a6e8305 gb-headline-text\">A trav\u00e9s del presente aviso, se informa que los datos personales que se proporcionen a trav\u00e9s de esta web ser\u00e1n tratados por&nbsp;<strong>Gestor\u00eda Administrativa AQ associats, Calle August 1o3a, info@aqassociats.com<\/strong><br>(en adelante, el Prestador del Servicio).<\/p>\n\n\n\n<p class=\"gb-headline gb-headline-5607c552 gb-headline-text\">La finalidad del tratamiento&nbsp;de los datos que nos faciliten los usuarios es exclusivamente la de cursar su petici\u00f3n o consulta que realicen a trav\u00e9s del presente sitio Web y, en su caso, si los usuarios expresamente lo consienten mediante la marcaci\u00f3n de la casilla correspondiente a pie del formulario de recogida de datos, remitirles informaci\u00f3n sobre las actividades del Prestador del Servicio que puedan resultar de su inter\u00e9s, por cualquier medio, incluidos medios electr\u00f3nicos.<\/p>\n\n\n\n<p class=\"gb-headline gb-headline-5af8d437 gb-headline-text\">El consentimiento prestado, que constituye la base jur\u00eddica que legitima el tratamiento de los datos, es revocable en cualquier momento sin que ello afecte a la licitud del tratamiento basado en el consentimiento previo a su retirada.<\/p>\n\n\n\n<p class=\"gb-headline gb-headline-44746e94 gb-headline-text\">Salvo que espec\u00edficamente se establezca lo contrario, se considerar\u00e1 necesario completar todos los datos requeridos en el formulario de datos.<\/p>\n\n\n\n<p class=\"gb-headline gb-headline-cfa9147e gb-headline-text\">En el caso de no suministrar todos los datos estimados como necesarios, el Prestador del Servicio podr\u00e1, dependiendo del caso, no cursar la concreta solicitud que se efect\u00fae<\/p>\n\n<\/div>\n\n<div class=\"gb-container gb-container-18172b8a\">\n\n<figure class=\"gb-block-image gb-block-image-ba28452c\"><img decoding=\"async\" width=\"539\" height=\"539\" class=\"gb-image gb-image-ba28452c lazyload\" data-src=\"https:\/\/www.aqassociats.com\/wp-content\/uploads\/2022\/10\/aq-office.jpg\" alt=\"Oficina AQ Associats\" title=\"aq-office\" data-srcset=\"https:\/\/www.aqassociats.com\/wp-content\/uploads\/2022\/10\/aq-office.jpg 539w, https:\/\/www.aqassociats.com\/wp-content\/uploads\/2022\/10\/aq-office-300x300.jpg 300w, https:\/\/www.aqassociats.com\/wp-content\/uploads\/2022\/10\/aq-office-150x150.jpg 150w, https:\/\/www.aqassociats.com\/wp-content\/uploads\/2022\/10\/aq-office-12x12.jpg 12w\" data-sizes=\"(max-width: 539px) 100vw, 539px\" src=\"data:image\/svg+xml;base64,PHN2ZyB3aWR0aD0iMSIgaGVpZ2h0PSIxIiB4bWxucz0iaHR0cDovL3d3dy53My5vcmcvMjAwMC9zdmciPjwvc3ZnPg==\" style=\"--smush-placeholder-width: 539px; --smush-placeholder-aspect-ratio: 539\/539;\" \/><\/figure>\n\n<\/div>\n<\/div>\n\n<div class=\"gb-container gb-container-aee54e41\">\n<div class=\"gb-container gb-container-6ca752aa\">\n\n<p class=\"gb-headline gb-headline-593973d4 gb-headline-text\">Los datos facilitados se conservar\u00e1n hasta que el momento en que los usuarios decidan revocar su consentimiento al tratamiento.<\/p>\n\n\n\n<p class=\"gb-headline gb-headline-40ec3e4c gb-headline-text\">Los usuarios deber\u00e1n rellenar los formularios con datos verdaderos, exactos, completos y actualizados, respondiendo de los da\u00f1os y perjuicios que pudiera ocasionar a causa de la cumplimentaci\u00f3n defectuosa de los formularios con datos falsos, inexactos, incompletos o no actualizados.<\/p>\n\n\n\n<p class=\"gb-headline gb-headline-3e1fdc2e gb-headline-text\">El Prestador del Servicio ha adoptado los niveles de seguridad de protecci\u00f3n de los datos personales exigidos en la legislaci\u00f3n vigente de protecci\u00f3n de datos, instalando las medidas t\u00e9cnicas y organizativas necesarias para evitar la p\u00e9rdida, mal uso, alteraci\u00f3n, acceso no autorizado y dem\u00e1s riesgos posibles.<\/p>\n\n\n\n<p class=\"gb-headline gb-headline-31255356 gb-headline-text\">Igualmente, el Prestador del Servicio se compromete al cumplimiento de su obligaci\u00f3n de secreto de los datos personales y de su deber de guardarlos y adoptar\u00e1 todas las medidas necesarias para evitar su alteraci\u00f3n, p\u00e9rdida, tratamiento o acceso no autorizado, habida cuenta en todo momento del estado de la tecnolog\u00eda.<\/p>\n\n\n\n<p class=\"gb-headline gb-headline-666fcbf2 gb-headline-text\">El titular de los datos tiene derecho a solicitar el acceso a ellos, su rectificaci\u00f3n o supresi\u00f3n, as\u00ed como a la limitaci\u00f3n de su tratamiento, a oponerse al mismo y a la portabilidad de sus datos, en los casos previstos en el Reglamento General de Protecci\u00f3n de Datos, dirigiendo una comunicaci\u00f3n escrita a&nbsp;<strong>Gestor\u00eda Administrativa AQ associats<\/strong>&nbsp;en la siguiente direcci\u00f3n postal&nbsp;<strong>Calle August 1o3a<\/strong>,&nbsp;y\/o correo electr\u00f3nico&nbsp;<strong>info@aqassociats.com<\/strong>&nbsp;en la que se acredite la identidad del usuario.<\/p>\n\n\n\n<p class=\"gb-headline gb-headline-2780a1d9 gb-headline-text\">En caso de que el Prestador del Servicio prestara alg\u00fan tipo de servicio especial en el que determine unas previsiones espec\u00edficas diferentes a \u00e9stas, en lo relativo a la protecci\u00f3n de datos, tendr\u00e1 primac\u00eda la aplicaci\u00f3n de las normas particulares indicadas para ese servicio en particular por encima de las presentes, en caso de discrepancias.<\/p>\n\n\n\n<p class=\"gb-headline gb-headline-c1ea3b79 gb-headline-text\">El Prestador del Servicio se reserva el derecho a modificar la presente pol\u00edtica, informando previamente a los usuarios de los cambios que en ella se introduzcan.<\/p>\n\n\n\n<p class=\"gb-headline gb-headline-dd7e0de0 gb-headline-text\">Los usuarios tienen derecho a presentar una reclamaci\u00f3n ante la Agencia Espa\u00f1ola de Protecci\u00f3n de Datos si estiman que sus derechos de protecci\u00f3n de datos han sido vulnerados.<\/p>\n\n<\/div>\n<\/div>\n<\/div>\n\n<div class=\"gb-container gb-container-7c32ac0d alignfull\">\n<div class=\"gb-container gb-container-1d24d1fd alignfull\">\n<div class=\"gb-container gb-container-7dcd177e alignfull\"><div class=\"gb-shapes\"><div class=\"gb-shape gb-shape-1\"><svg xmlns=\"http:\/\/www.w3.org\/2000\/svg\" viewBox=\"0 0 1200 96.2\" preserveAspectRatio=\"none\"><path d=\"M0 96.2h1200V72.9l-50-8.9c-50-8.6-150-26.9-250-22.2C800 46.2 700 72.9 600 64 500 55.4 400 10.4 300 1.8 200-7.1 100 19.5 50 32.9L0 46.2v50z\"\/><\/svg><\/div><\/div><\/div>\n\n<div class=\"gb-container gb-container-2b840493\">\n<div class=\"gb-container gb-container-c822d45a\">\n\n<h1 class=\"gb-headline gb-headline-30f6971e gb-headline-text\">Necessites Una Gestoria A Tarragona?<\/h1>\n\n\n\n<h3 class=\"gb-headline gb-headline-543849a8 gb-headline-text\">No Ho Dubtis M\u00e9s I Contacta Amb Nosaltres<\/h3>\n\n\n\n<a class=\"gb-button gb-button-f1b18d91\" href=\"https:\/\/www.aqassociats.com\/ca\/contacta\/\"><span class=\"gb-button-text\">Contacta<\/span><span class=\"gb-icon\"><svg aria-hidden=\"true\" role=\"img\" height=\"1em\" width=\"1em\" viewBox=\"0 0 256 512\" xmlns=\"http:\/\/www.w3.org\/2000\/svg\"><path fill=\"currentColor\" d=\"M224.3 273l-136 136c-9.4 9.4-24.6 9.4-33.9 0l-22.6-22.6c-9.4-9.4-9.4-24.6 0-33.9l96.4-96.4-96.4-96.4c-9.4-9.4-9.4-24.6 0-33.9L54.3 103c9.4-9.4 24.6-9.4 33.9 0l136 136c9.5 9.4 9.5 24.6.1 34z\"><\/path><\/svg><\/span><\/a>\n\n<\/div>\n\n<div class=\"gb-container gb-container-bd5a1d4c\">\n\n<figure class=\"gb-block-image gb-block-image-4ba22f1c\"><img decoding=\"async\" width=\"539\" height=\"539\" class=\"gb-image gb-image-4ba22f1c lazyload\" data-src=\"https:\/\/www.aqassociats.com\/wp-content\/uploads\/2022\/10\/logo-wall.jpg\" alt=\"\" title=\"Logo AQ Associats Wall\" data-srcset=\"https:\/\/www.aqassociats.com\/wp-content\/uploads\/2022\/10\/logo-wall.jpg 539w, https:\/\/www.aqassociats.com\/wp-content\/uploads\/2022\/10\/logo-wall-300x300.jpg 300w, https:\/\/www.aqassociats.com\/wp-content\/uploads\/2022\/10\/logo-wall-150x150.jpg 150w, https:\/\/www.aqassociats.com\/wp-content\/uploads\/2022\/10\/logo-wall-12x12.jpg 12w\" data-sizes=\"(max-width: 539px) 100vw, 539px\" src=\"data:image\/svg+xml;base64,PHN2ZyB3aWR0aD0iMSIgaGVpZ2h0PSIxIiB4bWxucz0iaHR0cDovL3d3dy53My5vcmcvMjAwMC9zdmciPjwvc3ZnPg==\" style=\"--smush-placeholder-width: 539px; --smush-placeholder-aspect-ratio: 539\/539;\" \/><\/figure>\n\n<\/div>\n<\/div>\n<\/div>\n<\/div>","protected":false},"excerpt":{"rendered":"<p>Pol\u00edtica De Privacitat Tus datos son nuestra prioridad A trav\u00e9s del presente aviso, se informa que los datos personales que se proporcionen a trav\u00e9s de esta web ser\u00e1n tratados por&nbsp;Gestor\u00eda Administrativa AQ associats, Calle August 1o3a, info@aqassociats.com(en adelante, el Prestador del Servicio). La finalidad del tratamiento&nbsp;de los datos que nos faciliten los usuarios es exclusivamente &#8230; <a title=\"Pol\u00edtica De Privacitat\" class=\"read-more\" href=\"https:\/\/www.aqassociats.com\/ca\/politica-privacitat\/\" aria-label=\"M\u00e9s informaci\u00f3 sobre Pol\u00edtica De Privacitat\">Read more<\/a><\/p>\n","protected":false},"author":5,"featured_media":0,"parent":0,"menu_order":0,"comment_status":"closed","ping_status":"closed","template":"","meta":{"footnotes":""},"class_list":["post-3168","page","type-page","status-publish"],"_links":{"self":[{"href":"https:\/\/www.aqassociats.com\/ca\/wp-json\/wp\/v2\/pages\/3168","targetHints":{"allow":["GET"]}}],"collection":[{"href":"https:\/\/www.aqassociats.com\/ca\/wp-json\/wp\/v2\/pages"}],"about":[{"href":"https:\/\/www.aqassociats.com\/ca\/wp-json\/wp\/v2\/types\/page"}],"author":[{"embeddable":true,"href":"https:\/\/www.aqassociats.com\/ca\/wp-json\/wp\/v2\/users\/5"}],"replies":[{"embeddable":true,"href":"https:\/\/www.aqassociats.com\/ca\/wp-json\/wp\/v2\/comments?post=3168"}],"version-history":[{"count":0,"href":"https:\/\/www.aqassociats.com\/ca\/wp-json\/wp\/v2\/pages\/3168\/revisions"}],"wp:attachment":[{"href":"https:\/\/www.aqassociats.com\/ca\/wp-json\/wp\/v2\/media?parent=3168"}],"curies":[{"name":"wp","href":"https:\/\/api.w.org\/{rel}","templated":true}]}}